{"id":684,"date":"2019-06-12T10:42:20","date_gmt":"2019-06-12T10:42:20","guid":{"rendered":"http:\/\/fclehre.de\/?page_id=684"},"modified":"2019-06-12T10:42:21","modified_gmt":"2019-06-12T10:42:21","slug":"datenschutzrichtlinie","status":"publish","type":"page","link":"https:\/\/fclehre.de\/?page_id=684","title":{"rendered":"Datenschutzrichtlinie"},"content":{"rendered":"\n<div class=\"wp-block-themeisle-blocks-advanced-columns has-1-columns has-desktop-equal-layout has-tablet-equal-layout has-mobile-equal-layout has-default-gap has-vertical-unset\" id=\"wp-block-themeisle-blocks-advanced-columns-a87bd18e\" style=\"border-width:0px;border-style:solid;border-color:#000000;border-radius:0px;justify-content:unset\"><div class=\"wp-themeisle-block-overlay\" style=\"opacity:0.5;mix-blend-mode:normal\"><\/div><div class=\"innerblocks-wrap\">\n<div class=\"wp-block-themeisle-blocks-advanced-column\" id=\"wp-block-themeisle-blocks-advanced-column-7df14ee3\" style=\"border-width:0px;border-style:solid;border-color:#000000;border-radius:0px\">\n<p>Nachfolgend\nerhalten Sie Informationen \u00fcber die Erhebung personenbezogener Daten bei\nNutzung unserer Internetseite. Zu den personenbezogene Daten geh\u00f6ren alle\nDaten, die auf Sie pers\u00f6nlich beziehbar sind (z.B. Name, Adresse,\nE-Mail-Adressen, Nutzerverhalten, IP-Adresse).<\/p>\n\n\n\n<p>Wir weisen\ndarauf hin, dass Ihre&nbsp; personenbezogene Daten wie Name, Postanschrift,\nE-Mail-Adresse, Telefonnummer oder das Geburtsdatum ausschlie\u00dflich in\n\u00dcbereinstimmung mit dem jeweils geltenden Datenschutzrecht erhoben und genutzt\nwerden. Ihre Daten werden nur gespeichert, wenn Sie aktiv \u00fcbermittelt werden.\nIhre Daten werden z. B. nur zur Beantwortung von Anfragen oder zur Zusendung\nvon Informationsmaterial verwendet. Die Kontaktdaten, die im Rahmen von\nAnfragen angegeben werden, werden ausschlie\u00dflich f\u00fcr die Korrespondenz\nverwendet.<\/p>\n\n\n\n<p><strong>Wer ist f\u00fcr\nden Datenschutz verantwortlich?<\/strong><\/p>\n\n\n\n<p>FC Lehre e.V.<br>\nAuf der G\u00fcnne 25<br>\n38165 Lehre<br>\nTel.: (05308) 961 777<br>\nFax: (05308) 707801<br>\nMail: info@fclehre.de<br>\nVerantwortlicher: Volker Weber-Coordes<\/p>\n\n\n\n<p><strong>Welche\npersonenbezogenen Daten erheben wir?<\/strong><\/p>\n\n\n\n<p>Wir erheben,\nspeichern, nutzen, \u00fcbermitteln oder l\u00f6schen folgende personenbezogene Daten:<\/p>\n\n\n\n<ul><li>Interessenten unserer\n     Internetseite und Kunden, die nat\u00fcrliche Personen sind<\/li><li>Allen anderen nat\u00fcrlichen\n     Personen, die in Kontakt mit uns stehen (z.B. Bevollm\u00e4chtigte,\n     Erziehungsberechtigte, Mitarbeiter juristischer Personen, Besucher unserer\n     Internetseite)<\/li><\/ul>\n\n\n\n<p>Personenbezogene\nDaten von Ihnen werden von uns erhoben, wenn Sie mit uns z.B. per E-Mail oder\nTelefon in Kontakt treten und einen Termin ausmachen wollen.<\/p>\n\n\n\n<p>Folgende\npers\u00f6nliche Daten verarbeiten wir:<\/p>\n\n\n\n<ul><li>Pers\u00f6nliche Angaben (z.B. Vor-\n     und Nachnamen, Adresse, Geburtsdatum und -ort, E-Mail-Adresse,\n     Telefonnummer,); ausschlie\u00dflich in \u00dcbereinstimmung mit dem jeweils\n     geltenden Datenschutzrecht . Die Daten werden nur gespeichert, wenn sie\n     aktiv \u00fcbermittelt werden. Die Daten werden nur zur Beantwortung von\n     Anfragen oder zur Zusendung von Informationsmaterial verwendet .\n     Kontaktdaten, die im Rahmen von Anfragen angegeben werden, ausschlie\u00dflich\n     f\u00fcr die Korrespondenz verwendet werden<\/li><\/ul>\n\n\n\n<ul><li>Daten zu Ihrem Online-Verhalten\n     und -pr\u00e4ferenzen (z.B. IP-Adressen, eindeutige Zuordnungsmerkmale mobiler\n     Endger\u00e4te, Daten zu Ihren Besuchen auf unserer In-ternetseite, Endger\u00e4te,\n     mit denen Sie unsere Internetseite besucht haben )<\/li><\/ul>\n\n\n\n<p><strong>Wer erh\u00e4lt\nggf. Ihre personenbezogenen Daten \u00fcbermittelt?<\/strong><\/p>\n\n\n\n<p>Falls\neinzelne Funktionen unserer Internetseite auf beauftragte Dienstleister\nzur\u00fcckgreifen, informieren wir Sie in Ziffer 4 dieser Datenschutzerkl\u00e4rung im\nDetail \u00fcber die jeweiligen Vor-g\u00e4nge. Dabei nennen wir auch die festgelegten\nKriterien der Speicherdauer.<\/p>\n\n\n\n<p><strong>Welchem\nZweck dienen Ihre Daten und mit welcher Rechtfertigung d\u00fcrfen wir diese nutzen?<\/strong><\/p>\n\n\n\n<p>Wenn Sie\nunsere Internetseite ausschlie\u00dflich dazu nutzen, sich \u00fcber uns zu informieren,\nerheben wir nur die personenbezogenen Daten, die Ihr Browser an unseren Server\n\u00fcbermittelt. Wenn Sie unsere Website betrachten m\u00f6chten, erheben wir die\nfolgenden Daten, die f\u00fcr uns technisch erforderlich sind, um Ihnen unsere\nWebsite anzuzeigen und die Stabilit\u00e4t und Sicherheit zu gew\u00e4hrleisten\n(Rechtsgrundlage ist Art. 6 Abs. 1 S. 1 lit. f DSGVO):<\/p>\n\n\n\n<ul><li>IP-Adresse<\/li><li>Datum und Uhrzeit der Anfrage<\/li><li>Zeitzonendifferenz zur\n     Greenwich Mean Time (GMT)<\/li><li>Inhalt der Anforderung\n     (konkrete Seite)<\/li><li>Zugriffsstatus\/HTTP-Statuscode<\/li><li>jeweils \u00fcbertragene Datenmenge<\/li><li>Website, von der die\n     Anforderung kommt<\/li><li>Browser<\/li><li>Betriebssystem und dessen\n     Oberfl\u00e4che<\/li><li>Sprache und Version der\n     Browsersoftware.<\/li><\/ul>\n\n\n\n<p>Zus\u00e4tzlich\nzu diesen Daten werden bei Ihrer Nutzung unserer Internetseite auch Cookies auf\nIhrem Rechner gespeichert. Bei Cookies handelt es sich um kleine Textdateien,\ndie auf Ihrer Festplatte dem von Ihnen verwendeten Browser zugeordnet\ngespeichert werden und durch welche der Stelle, die den Cookie setzt (hier\ndurch uns), bestimmte Informationen zuflie\u00dfen. Cookies k\u00f6nnen weder Programme\nausf\u00fchren oder noch Viren auf Ihren Computer \u00fcbertragen. Sie dienen dazu, das\nInternetangebot insgesamt nutzerfreundlicher und effektiver zu machen.<\/p>\n\n\n\n<p><strong>Einsatz von\nCookies:<\/strong><\/p>\n\n\n\n<ol><li>a) Diese Website nutzt folgende\n     Arten von Cookies, deren Umfang und Funktionsweise im Folgenden erl\u00e4utert\n     werden:<\/li><\/ol>\n\n\n\n<ul><li>Transiente Cookies (dazu b)<\/li><li>Persistente Cookies (dazu c).<\/li><\/ul>\n\n\n\n<ol><li>b) Transiente Cookies werden\n     automatisiert gel\u00f6scht, wenn Sie den Browser schlie\u00dfen. Dazu z\u00e4hlen\n     insbesondere die Session-Cookies. Diese speichern eine sogenannte\n     Session-ID, mit welcher sich verschiedene Anfragen Ihres Browsers der\n     gemeinsamen Sitzung zuordnen lassen. Dadurch kann Ihr Rechner\n     wiedererkannt werden, wenn Sie auf unsere Website zur\u00fcckkehren. Die\n     Session-Cookies werden gel\u00f6scht, wenn Sie sich ausloggen oder den Browser\n     schlie\u00dfen.<\/li><\/ol>\n\n\n\n<ol><li>c) Persistente Cookies werden\n     automatisiert nach einer vorgegebenen Dauer gel\u00f6scht, die sich je nach\n     Cookie unterscheiden kann. Sie k\u00f6nnen die Cookies in den\n     Sicherheitseinstellungen Ihres Browsers jederzeit l\u00f6schen.<\/li><\/ol>\n\n\n\n<ol><li>d) Sie k\u00f6nnen Ihre\n     Browser-Einstellung entsprechend Ihren W\u00fcnschen konfigurieren und z.\u2009B.\n     die Annahme von Third-Party-Cookies oder allen Cookies ablehnen. Wir\n     weisen Sie darauf hin, dass Sie eventuell nicht alle Funktionen dieser\n     Website nutzen k\u00f6nnen.<\/li><\/ol>\n\n\n\n<p>Wollen Sie\nper E-Mail oder \u00fcber unser Kontaktformular einen Behandlungstermin vereinbaren\noder eine Frage an uns richten, werden die von Ihnen mitgeteilten Daten (Ihre\nE-Mail-Adresse, ggf. Ihr Name und Ihre Telefonnummer) von uns gespeichert, um\nIhnen einen Behandlungstermin zuweisen oder die Anfrage beantworten zu k\u00f6nnen.\nDie in diesem Zusammenhang anfallenden Daten l\u00f6schen wir, nachdem die\nSpeicherung nicht mehr erforderlich ist, oder schr\u00e4nken die Verarbeitung ein,\nfalls gesetzliche Aufbewahrungspflichten bestehen (Rechtsgrundlage ist Art. 6\nAbs. 1 S. 1 lit. b DSGVO).<\/p>\n\n\n\n<h5 class=\"wp-block-heading\"><a>Google Maps<\/a><\/h5>\n\n\n\n<p>Diese Webseite verwendet Google\nMaps von Google Inc. Durch Nutzung dieser Webseite erkl\u00e4ren Sie sich mit der\nErfassung und Nutzung der automatisiert erhobenen Daten durch Google Inc, deren\nVertreter sowie Dritter einverstanden. Die Nutzungsbedingungen von Google Maps\nfinden sie unter <a href=\"https:\/\/www.google.com\/intl\/de_de\/help\/terms_maps.html\">&#8222;Nutzungsbedingungen von Google\nMaps&#8220;<\/a>. <\/p>\n\n\n\n<p><strong>Welche\nRechte haben Sie im Zusammenhang mit dem Datenschutz?<\/strong><\/p>\n\n\n\n<p>Sie haben\ngegen\u00fcber uns folgende Rechte hinsichtlich der Sie betreffenden\npersonenbezogenen Daten:<\/p>\n\n\n\n<ul><li>Recht auf Auskunft,<\/li><li>Recht auf Berichtigung oder\n     L\u00f6schung,<\/li><li>Recht auf Einschr\u00e4nkung der\n     Verarbeitung,<\/li><li>Recht auf Widerspruch gegen die\n     Verarbeitung,<\/li><li>Recht auf Daten\u00fcbertragbarkeit.<\/li><\/ul>\n\n\n\n<p><strong>Wie k\u00f6nnen\nSie sich ggf. beschweren?<\/strong><\/p>\n\n\n\n<p>Sie haben\ndie M\u00f6glichkeit, sich mit einer Beschwerde im Zusammenhang mit der\nDatenverarbeitung an die f\u00fcr uns zust\u00e4ndige Datenschutzaufsicht zu wenden:<\/p>\n\n\n\n<p>Die\nLandesbeauftragte f\u00fcr den Datenschutz Niedersachsen<\/p>\n\n\n\n<p>Prinzenstra\u00dfe\n5<\/p>\n\n\n\n<p>30159\nHannover<\/p>\n\n\n\n<p>Telefon 0511\n120-4500<\/p>\n\n\n\n<p>Fax&nbsp;&nbsp;&nbsp;&nbsp;&nbsp;&nbsp;&nbsp;&nbsp;\n0511 120-4599\n\nE-Mail&nbsp;&nbsp; <a href=\"mailto:poststelle@lfd.niedersachsen.de\">poststelle@lfd.niedersachsen.de<\/a><\/p>\n<\/div>\n<\/div><\/div>\n","protected":false},"excerpt":{"rendered":"","protected":false},"author":1,"featured_media":0,"parent":0,"menu_order":0,"comment_status":"closed","ping_status":"closed","template":"","meta":{"_themeisle_gutenberg_block_has_review":false,"footnotes":""},"_links":{"self":[{"href":"https:\/\/fclehre.de\/index.php?rest_route=\/wp\/v2\/pages\/684"}],"collection":[{"href":"https:\/\/fclehre.de\/index.php?rest_route=\/wp\/v2\/pages"}],"about":[{"href":"https:\/\/fclehre.de\/index.php?rest_route=\/wp\/v2\/types\/page"}],"author":[{"embeddable":true,"href":"https:\/\/fclehre.de\/index.php?rest_route=\/wp\/v2\/users\/1"}],"replies":[{"embeddable":true,"href":"https:\/\/fclehre.de\/index.php?rest_route=%2Fwp%2Fv2%2Fcomments&post=684"}],"version-history":[{"count":2,"href":"https:\/\/fclehre.de\/index.php?rest_route=\/wp\/v2\/pages\/684\/revisions"}],"predecessor-version":[{"id":717,"href":"https:\/\/fclehre.de\/index.php?rest_route=\/wp\/v2\/pages\/684\/revisions\/717"}],"wp:attachment":[{"href":"https:\/\/fclehre.de\/index.php?rest_route=%2Fwp%2Fv2%2Fmedia&parent=684"}],"curies":[{"name":"wp","href":"https:\/\/api.w.org\/{rel}","templated":true}]}}